{"id":10157,"date":"2026-02-10T16:12:38","date_gmt":"2026-02-10T19:12:38","guid":{"rendered":"https:\/\/debemimoveis.com.br\/site\/?post_type=property&#038;p=10157"},"modified":"2026-02-10T16:12:41","modified_gmt":"2026-02-10T19:12:41","slug":"imovel-com-terreno-espetacular","status":"publish","type":"property","link":"https:\/\/debemimoveis.com.br\/site\/property\/imovel-com-terreno-espetacular\/","title":{"rendered":"Im\u00f3vel com terreno espetacular!"},"content":{"rendered":"\n<p>Essa casa al\u00e9m de oferecer conforto, oferece muito espa\u00e7o para quem gosta de curtir o final de tarde em fam\u00edlia em um p\u00e1tio encantador. Composta por 03 dormit\u00f3rios, banheiro social, sala ampla com lareira, cozinha com fog\u00e3o campeiro, p\u00e1tio com piscina com sistema de aquecimento, \u00e1rea de churrasqueira e vaga de garagem para v\u00e1rios carros. Terreno 22&#215;30 de frente a fundos. Toda casa possu\u00ed rebaixamento em gesso.<\/p>\n","protected":false},"excerpt":{"rendered":"<p>Essa casa al\u00e9m de oferecer conforto, oferece muito espa\u00e7o para quem gosta de curtir o final de tarde em fam\u00edlia em um p\u00e1tio encantador. Composta por 03 dormit\u00f3rios, banheiro social, sala ampla com lareira, cozinha com fog\u00e3o campeiro, p\u00e1tio com piscina com sistema de aquecimento, \u00e1rea de churrasqueira e vaga de garagem para v\u00e1rios carros. [&hellip;]<\/p>\n","protected":false},"author":2,"featured_media":10163,"parent":0,"menu_order":0,"template":"","property_type":[20],"property_status":[23],"property_feature":[16,18,29,55,40],"property_label":[33,27],"property_city":[31],"class_list":["post-10157","property","type-property","status-publish","has-post-thumbnail","hentry","property_type-casa","property_status-venda","property_feature-ar-condicionado","property_feature-churrasqueira","property_feature-gramado","property_feature-lareira","property_feature-piscina","property_label-novidade","property_label-oferta","property_city-bage"],"aioseo_notices":[],"property_meta":{"_edit_lock":["1770750795:2"],"_thumbnail_id":["10163"],"_edit_last":["2"],"fave_property_price":["450000"],"fave_show_price_placeholder":["0"],"fave_property_bedrooms":["3"],"fave_property_rooms":["1"],"fave_property_bathrooms":["2"],"fave_property_garage":["5"],"fave_property_id":["10157"],"fave_property_map":["1"],"fave_property_map_address":["Rua Silvio Pelico da Luz - Madezzati"],"fave_property_location":["-31.3286924,-54.1094305,15"],"houzez_geolocation_lat":["-31.3286924"],"houzez_geolocation_long":["-54.1094305"],"fave_property_map_street_view":["hide"],"fave_property_images":["10169","10163","10158","10164","10160","10161","10168","10162","10165","10166","10167","10170","10171"],"fave_agent_display_option":["none"],"_aioseo_title":[null],"_aioseo_description":[null],"_aioseo_keywords":["a:0:{}"],"_aioseo_og_title":[null],"_aioseo_og_description":[null],"_aioseo_og_article_section":[""],"_aioseo_og_article_tags":["a:0:{}"],"_aioseo_twitter_title":[null],"_aioseo_twitter_description":[null],"_monsterinsights_sitenote_active":["0"],"_uf_disable_surveys":[""],"om_disable_all_campaigns":[""],"houzez_manual_expire":["0"],"_houzez_expiration_date_status":["saved"],"houzez_total_property_views":["390"],"houzez_views_by_date":["a:61:{s:10:\"02-27-2026\";i:12;s:10:\"02-28-2026\";i:5;s:10:\"03-01-2026\";i:5;s:10:\"03-02-2026\";i:2;s:10:\"03-03-2026\";i:5;s:10:\"03-04-2026\";i:12;s:10:\"03-05-2026\";i:9;s:10:\"03-06-2026\";i:3;s:10:\"03-07-2026\";i:4;s:10:\"03-08-2026\";i:4;s:10:\"03-09-2026\";i:5;s:10:\"03-10-2026\";i:3;s:10:\"03-11-2026\";i:4;s:10:\"03-12-2026\";i:6;s:10:\"03-13-2026\";i:4;s:10:\"03-14-2026\";i:3;s:10:\"03-15-2026\";i:2;s:10:\"03-16-2026\";i:3;s:10:\"03-17-2026\";i:4;s:10:\"03-18-2026\";i:5;s:10:\"03-19-2026\";i:2;s:10:\"03-20-2026\";i:4;s:10:\"03-21-2026\";i:4;s:10:\"03-22-2026\";i:11;s:10:\"03-23-2026\";i:4;s:10:\"03-24-2026\";i:6;s:10:\"03-25-2026\";i:6;s:10:\"03-26-2026\";i:16;s:10:\"03-27-2026\";i:6;s:10:\"03-28-2026\";i:5;s:10:\"03-29-2026\";i:3;s:10:\"03-30-2026\";i:8;s:10:\"03-31-2026\";i:5;s:10:\"04-01-2026\";i:11;s:10:\"04-02-2026\";i:7;s:10:\"04-03-2026\";i:8;s:10:\"04-04-2026\";i:5;s:10:\"04-05-2026\";i:3;s:10:\"04-06-2026\";i:6;s:10:\"04-07-2026\";i:8;s:10:\"04-08-2026\";i:8;s:10:\"04-09-2026\";i:5;s:10:\"04-10-2026\";i:7;s:10:\"04-11-2026\";i:3;s:10:\"04-12-2026\";i:7;s:10:\"04-13-2026\";i:10;s:10:\"04-14-2026\";i:8;s:10:\"04-15-2026\";i:7;s:10:\"04-16-2026\";i:6;s:10:\"04-17-2026\";i:3;s:10:\"04-18-2026\";i:2;s:10:\"04-19-2026\";i:1;s:10:\"04-20-2026\";i:1;s:10:\"04-21-2026\";i:1;s:10:\"04-22-2026\";i:3;s:10:\"04-23-2026\";i:6;s:10:\"04-24-2026\";i:1;s:10:\"04-25-2026\";i:6;s:10:\"04-27-2026\";i:1;s:10:\"04-28-2026\";i:1;s:10:\"04-29-2026\";i:3;}"],"houzez_recently_viewed":["2026-04-29 10:56:27"]},"_links":{"self":[{"href":"https:\/\/debemimoveis.com.br\/site\/wp-json\/wp\/v2\/properties\/10157","targetHints":{"allow":["GET"]}}],"collection":[{"href":"https:\/\/debemimoveis.com.br\/site\/wp-json\/wp\/v2\/properties"}],"about":[{"href":"https:\/\/debemimoveis.com.br\/site\/wp-json\/wp\/v2\/types\/property"}],"author":[{"embeddable":true,"href":"https:\/\/debemimoveis.com.br\/site\/wp-json\/wp\/v2\/users\/2"}],"version-history":[{"count":1,"href":"https:\/\/debemimoveis.com.br\/site\/wp-json\/wp\/v2\/properties\/10157\/revisions"}],"predecessor-version":[{"id":10172,"href":"https:\/\/debemimoveis.com.br\/site\/wp-json\/wp\/v2\/properties\/10157\/revisions\/10172"}],"wp:featuredmedia":[{"embeddable":true,"href":"https:\/\/debemimoveis.com.br\/site\/wp-json\/wp\/v2\/media\/10163"}],"wp:attachment":[{"href":"https:\/\/debemimoveis.com.br\/site\/wp-json\/wp\/v2\/media?parent=10157"}],"wp:term":[{"taxonomy":"property_type","embeddable":true,"href":"https:\/\/debemimoveis.com.br\/site\/wp-json\/wp\/v2\/property_type?post=10157"},{"taxonomy":"property_status","embeddable":true,"href":"https:\/\/debemimoveis.com.br\/site\/wp-json\/wp\/v2\/property_status?post=10157"},{"taxonomy":"property_feature","embeddable":true,"href":"https:\/\/debemimoveis.com.br\/site\/wp-json\/wp\/v2\/property_feature?post=10157"},{"taxonomy":"property_label","embeddable":true,"href":"https:\/\/debemimoveis.com.br\/site\/wp-json\/wp\/v2\/property_label?post=10157"},{"taxonomy":"property_city","embeddable":true,"href":"https:\/\/debemimoveis.com.br\/site\/wp-json\/wp\/v2\/property_city?post=10157"}],"curies":[{"name":"wp","href":"https:\/\/api.w.org\/{rel}","templated":true}]}}